{"id":14210,"date":"2020-06-01T06:00:22","date_gmt":"2020-06-01T03:00:22","guid":{"rendered":"https:\/\/bizix.com.tr\/?page_id=14210"},"modified":"2023-11-23T15:15:52","modified_gmt":"2023-11-23T12:15:52","slug":"saglikli-turizm","status":"publish","type":"page","link":"https:\/\/bizix.com.tr\/de\/saglikli-turizm\/","title":{"rendered":"Gesunder Tourismus"},"content":{"rendered":"<div data-elementor-type=\"wp-page\" data-elementor-id=\"14210\" class=\"elementor elementor-14210\" data-elementor-post-type=\"page\">\n\t\t\t\t\t\t<section class=\"elementor-section elementor-top-section elementor-element elementor-element-7a0e8388 elementor-section-content-middle elementor-section-stretched elementor-section-boxed elementor-section-height-default elementor-section-height-default\" data-id=\"7a0e8388\" data-element_type=\"section\" data-e-type=\"section\" data-settings=\"{&quot;background_background&quot;:&quot;gradient&quot;,&quot;shape_divider_top&quot;:&quot;curve&quot;,&quot;shape_divider_bottom&quot;:&quot;curve&quot;,&quot;stretch_section&quot;:&quot;section-stretched&quot;}\">\n\t\t\t\t\t<div class=\"elementor-shape elementor-shape-top\" aria-hidden=\"true\" data-negative=\"false\">\n\t\t\t<svg xmlns=\"http:\/\/www.w3.org\/2000\/svg\" viewbox=\"0 0 1000 100\" preserveaspectratio=\"none\">\n    <path class=\"elementor-shape-fill\" d=\"M1000,4.3V0H0v4.3C0.9,23.1,126.7,99.2,500,100S1000,22.7,1000,4.3z\"\/>\n<\/svg>\t\t<\/div>\n\t\t\t\t<div class=\"elementor-shape elementor-shape-bottom\" aria-hidden=\"true\" data-negative=\"false\">\n\t\t\t<svg xmlns=\"http:\/\/www.w3.org\/2000\/svg\" viewbox=\"0 0 1000 100\" preserveaspectratio=\"none\">\n    <path class=\"elementor-shape-fill\" d=\"M1000,4.3V0H0v4.3C0.9,23.1,126.7,99.2,500,100S1000,22.7,1000,4.3z\"\/>\n<\/svg>\t\t<\/div>\n\t\t\t\t\t<div class=\"elementor-container elementor-column-gap-default\">\n\t\t\t\t\t<div class=\"elementor-column elementor-col-50 elementor-top-column elementor-element elementor-element-4b93f67d\" data-id=\"4b93f67d\" data-element_type=\"column\" data-e-type=\"column\" data-settings=\"{&quot;background_background&quot;:&quot;none&quot;}\">\n\t\t\t<div class=\"elementor-widget-wrap elementor-element-populated\">\n\t\t\t\t\t\t<div class=\"elementor-element elementor-element-6f123499 elementor-widget elementor-widget-heading\" data-id=\"6f123499\" data-element_type=\"widget\" data-e-type=\"widget\" data-widget_type=\"heading.default\">\n\t\t\t\t<div class=\"elementor-widget-container\">\n\t\t\t\t\t<h1 class=\"elementor-heading-title elementor-size-default\">Gesunder Tourismus<\/h1>\t\t\t\t<\/div>\n\t\t\t\t<\/div>\n\t\t\t\t<section class=\"elementor-section elementor-inner-section elementor-element elementor-element-7513d07f elementor-hidden-phone elementor-section-boxed elementor-section-height-default elementor-section-height-default\" data-id=\"7513d07f\" data-element_type=\"section\" data-e-type=\"section\">\n\t\t\t\t\t\t<div class=\"elementor-container elementor-column-gap-default\">\n\t\t\t\t\t<div class=\"elementor-column elementor-col-33 elementor-inner-column elementor-element elementor-element-1cc25410\" data-id=\"1cc25410\" data-element_type=\"column\" data-e-type=\"column\">\n\t\t\t<div class=\"elementor-widget-wrap elementor-element-populated\">\n\t\t\t\t\t\t<div class=\"elementor-element elementor-element-37b54916 elementor-view-default elementor-widget elementor-widget-icon\" data-id=\"37b54916\" data-element_type=\"widget\" data-e-type=\"widget\" data-widget_type=\"icon.default\">\n\t\t\t\t<div class=\"elementor-widget-container\">\n\t\t\t\t\t\t\t<div class=\"elementor-icon-wrapper\">\n\t\t\t<div class=\"elementor-icon\">\n\t\t\t\t\t\t\t<i class=\"fa fa-facebook-official\" aria-hidden=\"true\"><\/i>\n\t\t\t\t\t\t<\/div>\n\t\t<\/div>\n\t\t\t\t\t\t<\/div>\n\t\t\t\t<\/div>\n\t\t\t\t\t<\/div>\n\t\t<\/div>\n\t\t\t\t<div class=\"elementor-column elementor-col-33 elementor-inner-column elementor-element elementor-element-40ee85b9\" data-id=\"40ee85b9\" data-element_type=\"column\" data-e-type=\"column\">\n\t\t\t<div class=\"elementor-widget-wrap elementor-element-populated\">\n\t\t\t\t\t\t<div class=\"elementor-element elementor-element-64c99f15 elementor-view-default elementor-widget elementor-widget-icon\" data-id=\"64c99f15\" data-element_type=\"widget\" data-e-type=\"widget\" data-widget_type=\"icon.default\">\n\t\t\t\t<div class=\"elementor-widget-container\">\n\t\t\t\t\t\t\t<div class=\"elementor-icon-wrapper\">\n\t\t\t<div class=\"elementor-icon\">\n\t\t\t\t\t\t\t<i class=\"fa fa-instagram\" aria-hidden=\"true\"><\/i>\n\t\t\t\t\t\t<\/div>\n\t\t<\/div>\n\t\t\t\t\t\t<\/div>\n\t\t\t\t<\/div>\n\t\t\t\t\t<\/div>\n\t\t<\/div>\n\t\t\t\t<div class=\"elementor-column elementor-col-33 elementor-inner-column elementor-element elementor-element-296baf8b\" data-id=\"296baf8b\" data-element_type=\"column\" data-e-type=\"column\">\n\t\t\t<div class=\"elementor-widget-wrap elementor-element-populated\">\n\t\t\t\t\t\t<div class=\"elementor-element elementor-element-174b2a20 elementor-view-default elementor-widget elementor-widget-icon\" data-id=\"174b2a20\" data-element_type=\"widget\" data-e-type=\"widget\" data-widget_type=\"icon.default\">\n\t\t\t\t<div class=\"elementor-widget-container\">\n\t\t\t\t\t\t\t<div class=\"elementor-icon-wrapper\">\n\t\t\t<div class=\"elementor-icon\">\n\t\t\t\t\t\t\t<i class=\"fa fa-twitter-square\" aria-hidden=\"true\"><\/i>\n\t\t\t\t\t\t<\/div>\n\t\t<\/div>\n\t\t\t\t\t\t<\/div>\n\t\t\t\t<\/div>\n\t\t\t\t\t<\/div>\n\t\t<\/div>\n\t\t\t\t\t<\/div>\n\t\t<\/section>\n\t\t\t\t<div class=\"elementor-element elementor-element-4a7cf63 elementor-widget elementor-widget-heading\" data-id=\"4a7cf63\" data-element_type=\"widget\" data-e-type=\"widget\" data-widget_type=\"heading.default\">\n\t\t\t\t<div class=\"elementor-widget-container\">\n\t\t\t\t\t<h3 class=\"elementor-heading-title elementor-size-default\">Alles, was Sie f\u00fcr das COVID-19-Zertifizierungsprogramm ben\u00f6tigen!<\/h3>\t\t\t\t<\/div>\n\t\t\t\t<\/div>\n\t\t\t\t\t<\/div>\n\t\t<\/div>\n\t\t\t\t<div class=\"elementor-column elementor-col-50 elementor-top-column elementor-element elementor-element-3ac1ee1b\" data-id=\"3ac1ee1b\" data-element_type=\"column\" data-e-type=\"column\">\n\t\t\t<div class=\"elementor-widget-wrap elementor-element-populated\">\n\t\t\t\t\t\t<div class=\"elementor-element elementor-element-12487e46 elementor-widget elementor-widget-image\" data-id=\"12487e46\" data-element_type=\"widget\" data-e-type=\"widget\" data-widget_type=\"image.default\">\n\t\t\t\t<div class=\"elementor-widget-container\">\n\t\t\t\t\t\t\t\t\t\t\t\t\t\t\t<img fetchpriority=\"high\" decoding=\"async\" width=\"1022\" height=\"1277\" src=\"https:\/\/bizix.com.tr\/wp-content\/uploads\/2020\/05\/saglikli-turizm.png\" class=\"attachment-full size-full wp-image-14401\" alt=\"Gesunder Tourismus\" srcset=\"https:\/\/bizix.com.tr\/wp-content\/uploads\/2020\/05\/saglikli-turizm.png 1022w, https:\/\/bizix.com.tr\/wp-content\/uploads\/2020\/05\/saglikli-turizm-240x300.png 240w, https:\/\/bizix.com.tr\/wp-content\/uploads\/2020\/05\/saglikli-turizm-768x960.png 768w, https:\/\/bizix.com.tr\/wp-content\/uploads\/2020\/05\/saglikli-turizm-820x1024.png 820w, https:\/\/bizix.com.tr\/wp-content\/uploads\/2020\/05\/saglikli-turizm-10x12.png 10w\" sizes=\"(max-width: 1022px) 100vw, 1022px\" \/>\t\t\t\t\t\t\t\t\t\t\t\t\t\t\t<\/div>\n\t\t\t\t<\/div>\n\t\t\t\t\t<\/div>\n\t\t<\/div>\n\t\t\t\t\t<\/div>\n\t\t<\/section>\n\t\t\t\t<section class=\"elementor-section elementor-top-section elementor-element elementor-element-33bee4c9 elementor-section-stretched elementor-section-boxed elementor-section-height-default elementor-section-height-default\" data-id=\"33bee4c9\" data-element_type=\"section\" data-e-type=\"section\" data-settings=\"{&quot;background_background&quot;:&quot;classic&quot;,&quot;stretch_section&quot;:&quot;section-stretched&quot;}\">\n\t\t\t\t\t\t<div class=\"elementor-container elementor-column-gap-default\">\n\t\t\t\t\t<div class=\"elementor-column elementor-col-100 elementor-top-column elementor-element elementor-element-67812457\" data-id=\"67812457\" data-element_type=\"column\" data-e-type=\"column\">\n\t\t\t<div class=\"elementor-widget-wrap elementor-element-populated\">\n\t\t\t\t\t\t<div class=\"elementor-element elementor-element-147d25cf elementor-widget elementor-widget-heading\" data-id=\"147d25cf\" data-element_type=\"widget\" data-e-type=\"widget\" data-widget_type=\"heading.default\">\n\t\t\t\t<div class=\"elementor-widget-container\">\n\t\t\t\t\t<h2 class=\"elementor-heading-title elementor-size-medium\">Der \"Gesundheitstourismus\" der T\u00fcrkei\n<\/br>Zertifizierungsprogramm <\/h2>\t\t\t\t<\/div>\n\t\t\t\t<\/div>\n\t\t\t\t<div class=\"elementor-element elementor-element-918bd2b elementor-blockquote--skin-quotation elementor-widget elementor-widget-blockquote\" data-id=\"918bd2b\" data-element_type=\"widget\" data-e-type=\"widget\" data-widget_type=\"blockquote.default\">\n\t\t\t\t<div class=\"elementor-widget-container\">\n\t\t\t\t\t\t\t<blockquote class=\"elementor-blockquote\">\r\n\t\t\t<p class=\"elementor-blockquote__content\">\r\n\t\t\t\tGesunder Tourismus wird eine wichtige Determinante in der Tourismusbranche der neuen \u00c4ra sein, um die Kontinuit\u00e4t Ihrer Einrichtung zu gew\u00e4hrleisten.\t\t\t<\/p>\r\n\t\t\t\t\t<\/blockquote>\r\n\t\t\t\t\t\t<\/div>\n\t\t\t\t<\/div>\n\t\t\t\t<div class=\"elementor-element elementor-element-1b9b8f65 elementor-widget elementor-widget-text-editor\" data-id=\"1b9b8f65\" data-element_type=\"widget\" data-e-type=\"widget\" data-widget_type=\"text-editor.default\">\n\t\t\t\t<div class=\"elementor-widget-container\">\n\t\t\t\t\t\t\t\t\t<p>T\u00fcrkiye\u2019nin Sa\u011fl\u0131kl\u0131 Turizm Belgelendirme program\u0131, tatilini T\u00fcrkiye\u2019de ge\u00e7irecek t\u00fcm T\u00fcrk vatanda\u015flar\u0131 ve yabanc\u0131 ziyaret\u00e7ilere, ula\u015f\u0131mdan konaklamaya, tesis \u00e7al\u0131\u015fanlar\u0131ndan yolcular\u0131n kendi sa\u011fl\u0131k durumuna uzanan geni\u015f bir yelpazede bir dizi al\u0131nmas\u0131 \u00f6nerilen tedbirleri tan\u0131ml\u0131yor. Zorunlu olmayan, iste\u011fe ba\u011fl\u0131 bu belgelendirmeyi ba\u015fvurmak isteyen tesis i\u015fletmeleri; yetkili uluslararas\u0131 akreditasyon kurulu\u015flar\u0131na ba\u015fvuruda bulunabilecektir.<\/p>\t\t\t\t\t\t\t\t<\/div>\n\t\t\t\t<\/div>\n\t\t\t\t<div class=\"elementor-element elementor-element-05a47b0 elementor-widget elementor-widget-text-editor\" data-id=\"05a47b0\" data-element_type=\"widget\" data-e-type=\"widget\" data-widget_type=\"text-editor.default\">\n\t\t\t\t<div class=\"elementor-widget-container\">\n\t\t\t\t\t\t\t\t\t<p>Corona vir\u00fcs k\u00fcresel salg\u0131n\u0131 sonras\u0131 d\u00fcnya, art\u0131k eski d\u00fcnya olmayacakt\u0131r. Turizm sekt\u00f6r\u00fc de eski yap\u0131lanmas\u0131n\u0131 de\u011fi\u015ftirmek ve d\u00f6n\u00fc\u015fmek durumundad\u0131r. Bu d\u00f6n\u00fc\u015f\u00fcm\u00fc h\u0131zla ger\u00e7ekle\u015ftiren \u00fclkeler, rekabette \u00f6ne \u00e7\u0131kacak, krizi f\u0131rsata d\u00f6n\u00fc\u015ft\u00fcreceklerdir. Art\u0131k eski \u2018\u2019normallerimiz\u2019\u2019 olmayacak, yeni \u2018\u2019normallerimiz\u2019\u2019 olu\u015facakt\u0131r. Ortaya \u00e7\u0131kan s\u0131ra d\u0131\u015f\u0131 soruna \u00e7\u00f6z\u00fcm \u00fcreterek d\u00f6n\u00fc\u015fme \u00e7abalar\u0131m\u0131z\u0131, T\u00fcrkiye turizminde ya\u015fanan sorunlar\u0131n \u00e7\u00f6z\u00fcm\u00fc i\u00e7in bir f\u0131rsat olarak g\u00f6r\u00fcyoruz.<\/p>\t\t\t\t\t\t\t\t<\/div>\n\t\t\t\t<\/div>\n\t\t\t\t<div class=\"elementor-element elementor-element-2a697dd elementor-widget elementor-widget-text-editor\" data-id=\"2a697dd\" data-element_type=\"widget\" data-e-type=\"widget\" data-widget_type=\"text-editor.default\">\n\t\t\t\t<div class=\"elementor-widget-container\">\n\t\t\t\t\t\t\t\t\t<p>Konaklama ve yeme-i\u00e7me tesislerimizi ayr\u0131 ayr\u0131 kriterler \u00e7er\u00e7evesinde uluslararas\u0131 standartlarda denetleyerek, Sa\u011fl\u0131kl\u0131 Turizm Belgesi\u2019ni vermeye yetkili olan akreditasyon firmalar\u0131 hijyen ve sa\u011fl\u0131k denetimi ve uygunluk de\u011ferlendirmesi yaparak bunlara ili\u015fkin raporlar d\u00fczenleyecek ve ba\u015fvuruda bulunan tesislere d\u00fczenli olarak denet\u00e7i g\u00f6nderip kriterlere uygun hizmet verilip verilmedi\u011fini denetleyecek.<\/p><p>Belgeyi alan tesisler K\u00fclt\u00fcr ve Turizm Bakanl\u0131\u011f\u0131 web sitesinden de duyurulacak. Sa\u011fl\u0131kl\u0131 Turizm Belgesi logosu, belgeyi alan tesislerinin g\u00f6r\u00fcnen noktalar\u0131na as\u0131lacak ve m\u00fc\u015fteriler belge \u00fczerindeki kare kod sayesinde tesis ile ilgili t\u00fcm denetleme bilgilerine ula\u015fabilecek. Bu sayede t\u00fcm s\u00fcre\u00e7 \u015feffafl\u0131k kazanm\u0131\u015f olacak.<\/p>\t\t\t\t\t\t\t\t<\/div>\n\t\t\t\t<\/div>\n\t\t\t\t<div class=\"elementor-element elementor-element-53b7a541 elementor-widget elementor-widget-text-editor\" data-id=\"53b7a541\" data-element_type=\"widget\" data-e-type=\"widget\" data-widget_type=\"text-editor.default\">\n\t\t\t\t<div class=\"elementor-widget-container\">\n\t\t\t\t\t\t\t\t\t<p>Sa\u011fl\u0131kl\u0131 Turizm Belgesi :<\/p><ul><li>\u00c7al\u0131\u015fan, m\u00fc\u015fteri ve di\u011fer ilgili taraflara g\u00fcvenli bir tesis oldu\u011funuzu bildirir,<\/li><li>\u00c7al\u0131\u015fanlar\u0131n\u0131z, misafirleriniz ve di\u011fer b\u00fct\u00fcn ilgili taraflar \u00fczerinde, akredite kurulu\u015f taraf\u0131ndan periyodik olarak hijyen ve sa\u011fl\u0131k denetimlerinden ge\u00e7en bir tesis olarak g\u00fcven tesis edebilirsiniz.<\/li><\/ul>\t\t\t\t\t\t\t\t<\/div>\n\t\t\t\t<\/div>\n\t\t\t\t<div class=\"elementor-element elementor-element-425e8dd elementor-blockquote--skin-boxed elementor-blockquote--align-center elementor-widget elementor-widget-blockquote\" data-id=\"425e8dd\" data-element_type=\"widget\" data-e-type=\"widget\" data-widget_type=\"blockquote.default\">\n\t\t\t\t<div class=\"elementor-widget-container\">\n\t\t\t\t\t\t\t<blockquote class=\"elementor-blockquote\">\r\n\t\t\t<p class=\"elementor-blockquote__content\">\r\n\t\t\t\tJeder braucht manchmal einen Arzt, aber <\/br>\nJeder braucht immer Hygiene.\t\t\t<\/p>\r\n\t\t\t\t\t<\/blockquote>\r\n\t\t\t\t\t\t<\/div>\n\t\t\t\t<\/div>\n\t\t\t\t\t<\/div>\n\t\t<\/div>\n\t\t\t\t\t<\/div>\n\t\t<\/section>\n\t\t\t\t<section class=\"elementor-section elementor-top-section elementor-element elementor-element-c34ffce elementor-section-content-middle elementor-section-stretched elementor-section-boxed elementor-section-height-default elementor-section-height-default\" data-id=\"c34ffce\" data-element_type=\"section\" data-e-type=\"section\" data-settings=\"{&quot;stretch_section&quot;:&quot;section-stretched&quot;}\">\n\t\t\t\t\t\t<div class=\"elementor-container elementor-column-gap-no\">\n\t\t\t\t\t<div class=\"elementor-column elementor-col-100 elementor-top-column elementor-element elementor-element-1eab6f02\" data-id=\"1eab6f02\" data-element_type=\"column\" data-e-type=\"column\">\n\t\t\t<div class=\"elementor-widget-wrap elementor-element-populated\">\n\t\t\t\t\t\t<div class=\"elementor-element elementor-element-75bfb018 elementor-widget elementor-widget-heading\" data-id=\"75bfb018\" data-element_type=\"widget\" data-e-type=\"widget\" data-widget_type=\"heading.default\">\n\t\t\t\t<div class=\"elementor-widget-container\">\n\t\t\t\t\t<h4 class=\"elementor-heading-title elementor-size-default\">\"Gesunder Tourismus\" <\/br>In Unterkunftseinrichtungen<\/h4>\t\t\t\t<\/div>\n\t\t\t\t<\/div>\n\t\t\t\t<section class=\"elementor-section elementor-inner-section elementor-element elementor-element-564428dc elementor-section-content-middle elementor-section-boxed elementor-section-height-default elementor-section-height-default\" data-id=\"564428dc\" data-element_type=\"section\" data-e-type=\"section\">\n\t\t\t\t\t\t<div class=\"elementor-container elementor-column-gap-no\">\n\t\t\t\t\t<div class=\"elementor-column elementor-col-50 elementor-inner-column elementor-element elementor-element-4cd316aa\" data-id=\"4cd316aa\" data-element_type=\"column\" data-e-type=\"column\">\n\t\t\t<div class=\"elementor-widget-wrap elementor-element-populated\">\n\t\t\t\t\t\t<div class=\"elementor-element elementor-element-5b6c939b elementor-position-top elementor-widget elementor-widget-image-box\" data-id=\"5b6c939b\" data-element_type=\"widget\" data-e-type=\"widget\" data-widget_type=\"image-box.default\">\n\t\t\t\t<div class=\"elementor-widget-container\">\n\t\t\t\t\t<div class=\"elementor-image-box-wrapper\"><figure class=\"elementor-image-box-img\"><img decoding=\"async\" width=\"1655\" height=\"1324\" src=\"https:\/\/bizix.com.tr\/wp-content\/uploads\/2020\/05\/zaman_ve_mekan_kontrolu-1.jpg\" class=\"elementor-animation-float attachment-full size-full wp-image-14398\" alt=\"zaman ve mekan kontrolu\" srcset=\"https:\/\/bizix.com.tr\/wp-content\/uploads\/2020\/05\/zaman_ve_mekan_kontrolu-1.jpg 1655w, https:\/\/bizix.com.tr\/wp-content\/uploads\/2020\/05\/zaman_ve_mekan_kontrolu-1-300x240.jpg 300w, https:\/\/bizix.com.tr\/wp-content\/uploads\/2020\/05\/zaman_ve_mekan_kontrolu-1-768x614.jpg 768w, https:\/\/bizix.com.tr\/wp-content\/uploads\/2020\/05\/zaman_ve_mekan_kontrolu-1-1024x819.jpg 1024w, https:\/\/bizix.com.tr\/wp-content\/uploads\/2020\/05\/zaman_ve_mekan_kontrolu-1-1536x1229.jpg 1536w, https:\/\/bizix.com.tr\/wp-content\/uploads\/2020\/05\/zaman_ve_mekan_kontrolu-1-15x12.jpg 15w\" sizes=\"(max-width: 1655px) 100vw, 1655px\" \/><\/figure><div class=\"elementor-image-box-content\"><h3 class=\"elementor-image-box-title\">Zaman ve Mek\u00e2n Kontrol\u00fc<\/h3><p class=\"elementor-image-box-description\">Vir\u00fcs ile m\u00fccadele bilim kurulu taraf\u0131ndan a\u00e7\u0131klanan, temasl\u0131 ve yak\u0131n temasl\u0131 vaka tan\u0131mlar\u0131nda kullan\u0131lan 1,5 m. mesafe ve ayn\u0131 ortamda 15 dk. bulunma algoritmas\u0131n\u0131 konaklama tesislerine uyarlamak m\u00fcmk\u00fcnd\u00fcr. Bu a\u00e7\u0131dan tesis i\u00e7i b\u00fct\u00fcn alanlarda misafir ve \u00e7al\u0131\u015fan aras\u0131 1,5 m. mesafe aral\u0131\u011f\u0131n\u0131n sa\u011flanmas\u0131 \u00f6nemlidir.<\/p><\/div><\/div>\t\t\t\t<\/div>\n\t\t\t\t<\/div>\n\t\t\t\t\t<\/div>\n\t\t<\/div>\n\t\t\t\t<div class=\"elementor-column elementor-col-50 elementor-inner-column elementor-element elementor-element-2b979e7e\" data-id=\"2b979e7e\" data-element_type=\"column\" data-e-type=\"column\">\n\t\t\t<div class=\"elementor-widget-wrap elementor-element-populated\">\n\t\t\t\t\t\t<div class=\"elementor-element elementor-element-24cd96d5 elementor-position-top elementor-widget elementor-widget-image-box\" data-id=\"24cd96d5\" data-element_type=\"widget\" data-e-type=\"widget\" data-widget_type=\"image-box.default\">\n\t\t\t\t<div class=\"elementor-widget-container\">\n\t\t\t\t\t<div class=\"elementor-image-box-wrapper\"><figure class=\"elementor-image-box-img\"><img decoding=\"async\" width=\"500\" height=\"400\" src=\"https:\/\/bizix.com.tr\/wp-content\/uploads\/2020\/05\/temizlik_ve_dezenfeksiyon.jpg\" class=\"elementor-animation-float attachment-full size-full wp-image-14390\" alt=\"Temizlik ve Dezenfeksiyon\" srcset=\"https:\/\/bizix.com.tr\/wp-content\/uploads\/2020\/05\/temizlik_ve_dezenfeksiyon.jpg 500w, https:\/\/bizix.com.tr\/wp-content\/uploads\/2020\/05\/temizlik_ve_dezenfeksiyon-300x240.jpg 300w, https:\/\/bizix.com.tr\/wp-content\/uploads\/2020\/05\/temizlik_ve_dezenfeksiyon-15x12.jpg 15w\" sizes=\"(max-width: 500px) 100vw, 500px\" \/><\/figure><div class=\"elementor-image-box-content\"><h3 class=\"elementor-image-box-title\">Temizlik ve Dezenfeksiyon<\/h3><p class=\"elementor-image-box-description\">Covid-19; temas sonras\u0131nda ellerin; a\u011f\u0131z, burun veya g\u00f6z mukozas\u0131na g\u00f6t\u00fcr\u00fclmesi ve temas etmesi ile bula\u015fmaktad\u0131r. Bu sebeple do\u011fru ve etkin bir temizlik ve dezenfeksiyon plan\u0131 ile kontrol sa\u011flamak m\u00fcmk\u00fcn olacakt\u0131r.<\/br><\/br><\/p><\/div><\/div>\t\t\t\t<\/div>\n\t\t\t\t<\/div>\n\t\t\t\t\t<\/div>\n\t\t<\/div>\n\t\t\t\t\t<\/div>\n\t\t<\/section>\n\t\t\t\t<div class=\"elementor-element elementor-element-4b20c9a elementor-blockquote--skin-clean elementor-widget elementor-widget-blockquote\" data-id=\"4b20c9a\" data-element_type=\"widget\" data-e-type=\"widget\" data-widget_type=\"blockquote.default\">\n\t\t\t\t<div class=\"elementor-widget-container\">\n\t\t\t\t\t\t\t<blockquote class=\"elementor-blockquote\">\r\n\t\t\t<p class=\"elementor-blockquote__content\">\r\n\t\t\t\tBu iki temel konuyu baz al\u0131narak i\u015fletmelerin \u00f6ncelikli yapmas\u0131 gereken nokta; krizi y\u00f6netebilmek i\u00e7in ekipler olu\u015fturmak ve y\u00f6netsel\/ operasyonel s\u00fcre\u00e7lerde al\u0131nacak aksiyonlar\u0131 belirlemek olacakt\u0131r.\n<\/br>\n\u0130\u015fletmelerin uygulamas\u0131 gereken misafir g\u00fcvenli\u011fi, g\u0131da ve su g\u00fcvenli\u011fi, toplum sa\u011fl\u0131\u011f\u0131 ve hijyen, \u00e7evre g\u00fcvenli\u011fi ve at\u0131k y\u00f6netimi, i\u015f sa\u011fl\u0131\u011f\u0131 g\u00fcvenli\u011fi gibi konulara ek olarak, k\u0131lavuz i\u00e7erisinde COVID-19 temelinde al\u0131nmas\u0131 tavsiye edilen aksiyonlar belirtilmi\u015ftir.\t\t\t<\/p>\r\n\t\t\t\t\t<\/blockquote>\r\n\t\t\t\t\t\t<\/div>\n\t\t\t\t<\/div>\n\t\t\t\t\t<\/div>\n\t\t<\/div>\n\t\t\t\t\t<\/div>\n\t\t<\/section>\n\t\t\t\t<section class=\"elementor-section elementor-top-section elementor-element elementor-element-4e71eb2e elementor-section-stretched elementor-hidden-phone elementor-section-boxed elementor-section-height-default elementor-section-height-default\" data-id=\"4e71eb2e\" data-element_type=\"section\" data-e-type=\"section\" data-settings=\"{&quot;background_background&quot;:&quot;classic&quot;,&quot;stretch_section&quot;:&quot;section-stretched&quot;}\">\n\t\t\t\t\t\t\t<div class=\"elementor-background-overlay\"><\/div>\n\t\t\t\t\t\t\t<div class=\"elementor-container elementor-column-gap-default\">\n\t\t\t\t\t<div class=\"elementor-column elementor-col-100 elementor-top-column elementor-element elementor-element-204a7857\" data-id=\"204a7857\" data-element_type=\"column\" data-e-type=\"column\">\n\t\t\t<div class=\"elementor-widget-wrap elementor-element-populated\">\n\t\t\t\t\t\t<div class=\"elementor-element elementor-element-7d38938f whatever elementor-widget elementor-widget-heading\" data-id=\"7d38938f\" data-element_type=\"widget\" data-e-type=\"widget\" data-widget_type=\"heading.default\">\n\t\t\t\t<div class=\"elementor-widget-container\">\n\t\t\t\t\t<h2 class=\"elementor-heading-title elementor-size-default\">\"Gesunder Tourismus\" f\u00fcr Covid-19 Global Outbreak Management in der Wirtschaft<\/h2>\t\t\t\t<\/div>\n\t\t\t\t<\/div>\n\t\t\t\t<div class=\"elementor-element elementor-element-ca8a107 elementor-widget elementor-widget-text-editor\" data-id=\"ca8a107\" data-element_type=\"widget\" data-e-type=\"widget\" data-widget_type=\"text-editor.default\">\n\t\t\t\t<div class=\"elementor-widget-container\">\n\t\t\t\t\t\t\t\t\t<ul><li>\u201cCovid-19 Kriz Ekibi\u201d olu\u015fturulmal\u0131 ve ekipte \u00fcyelerin yedekleri olmal\u0131,<\/li><li>Kriz ekibinin y\u00f6neticisi, ileti\u015fim sorumlusu ve s\u00f6zc\u00fcs\u00fc belirlenmeli,<\/li><li>Kriz ekibinde ilgili sorumlular\u0131n yan\u0131 s\u0131ra; \u00fcst y\u00f6netim temsilcisi, departman y\u00f6neticileri, i\u015fyeri hekimi, i\u015fletme \u0130SG uzman\u0131 ve hukuk dan\u0131\u015fman\u0131 ve\/veya avukat yer almal\u0131,<\/li><li>\u0130\u015fletme kriz ekibinin g\u00f6rev, yetki ve sorumluluklar\u0131 tan\u0131mlanmal\u0131,<\/li><li>Kriz ekibinin toplant\u0131 s\u0131kl\u0131\u011f\u0131, ekip \u00e7al\u0131\u015fma ve toplanma y\u00f6ntemleri belirlenmeli ve kriz ekibinin toplant\u0131lar\u0131n\u0131 uzaktan ba\u011flant\u0131 (Skype, microsoft teams vb.) uygulamalar\u0131 \u00fczerinden yapabilmesi ve evden \u00e7al\u0131\u015fabilmesi i\u00e7in gerekli altyap\u0131 sa\u011flanmal\u0131,<\/li><li>D\u0131\u015far\u0131dan al\u0131nan hizmetlerin s\u00fcreklili\u011fini g\u00f6zden ge\u00e7irmeli, kriz s\u00fcresince payda\u015flar ile ileti\u015fim halinde olmal\u0131 ve gerekli g\u00f6r\u00fclen noktalarda kat\u0131l\u0131mlar\u0131 sa\u011flanmal\u0131,<\/li><li>Raporlama ve takip s\u00fcreci tan\u0131mlanmal\u0131d\u0131r.<\/li><li>\u0130\u015fletmeler, kriz d\u00f6nemini iki a\u015famal\u0131 de\u011ferlendirmelidir. 1. A\u015fama; i\u015fletmede vaka g\u00f6r\u00fclmemesi durumunda ki uygulamalar, 2. a\u015fama ise; i\u015fletmede \u015f\u00fcpheli veya konfirme vaka olmas\u0131 durumunda yap\u0131lacak aksiyonlar\u0131n planlanmas\u0131d\u0131r.<\/li><\/ul>\t\t\t\t\t\t\t\t<\/div>\n\t\t\t\t<\/div>\n\t\t\t\t<div class=\"elementor-element elementor-element-71f4b72 elementor-widget elementor-widget-heading\" data-id=\"71f4b72\" data-element_type=\"widget\" data-e-type=\"widget\" data-widget_type=\"heading.default\">\n\t\t\t\t<div class=\"elementor-widget-container\">\n\t\t\t\t\t<h2 class=\"elementor-heading-title elementor-size-default\">Covid-19 Kapsam\u0131nda Al\u0131nmas\u0131 Gereken Fiziki \/ Operasyonel \/ Altyap\u0131sal \u00d6nlemler <\/h2>\t\t\t\t<\/div>\n\t\t\t\t<\/div>\n\t\t\t\t<div class=\"elementor-element elementor-element-8cf1f90 elementor-widget elementor-widget-text-editor\" data-id=\"8cf1f90\" data-element_type=\"widget\" data-e-type=\"widget\" data-widget_type=\"text-editor.default\">\n\t\t\t\t<div class=\"elementor-widget-container\">\n\t\t\t\t\t\t\t\t\t<p>Misafirin geldikleri yer, son g\u00fcnlerde ziyaret ettikleri \u00fclkeler ve \u00fclkemizde kendileriyle irtibata ge\u00e7ilebilecek adres ve telefon numaras\u0131 ile sa\u011fl\u0131k durumunu belirten Beyan\u0131 ve konaklamas\u0131 s\u00fcresince Covid-19 semptomlar\u0131 g\u00f6stermesi durumunda; i\u015fletmenin belirledi\u011fi Covid-19 Aksiyon Plan\u0131na uyaca\u011f\u0131n\u0131 onaylad\u0131\u011f\u0131 Misafir Beyan ve Taahh\u00fctnamesi Formu farkl\u0131 dillerde haz\u0131rlanmal\u0131 ve check-in s\u0131ras\u0131nda veya \u00f6ncesinde online olarak misafire ve beraberinde konaklayan misafirlere doldurulmal\u0131d\u0131r.<\/p>\t\t\t\t\t\t\t\t<\/div>\n\t\t\t\t<\/div>\n\t\t\t\t<div class=\"elementor-element elementor-element-b67417d elementor-widget elementor-widget-text-editor\" data-id=\"b67417d\" data-element_type=\"widget\" data-e-type=\"widget\" data-widget_type=\"text-editor.default\">\n\t\t\t\t<div class=\"elementor-widget-container\">\n\t\t\t\t\t\t\t\t\t<p>Termal+optik kamera (ilk kontrol i\u00e7in tesis giri\u015fi, s\u00fcrekli d\u00fczenli kontroller i\u00e7in restoran giri\u015fi vb.) belirli noktalara konularak, 0,5 <sup>o<\/sup>C hata ile \u00f6l\u00e7\u00fcm yap\u0131labilir. Bu sistem y\u00fcz tan\u0131ma ve v\u00fccut \u0131s\u0131s\u0131n\u0131 ayn\u0131 anda kay\u0131t alacak, analiz yapacak ve uyar\u0131 verebilecektir. G\u00fcnde 3 defa t\u00fcm misafir v\u00fccut \u0131s\u0131s\u0131 \u00fczerinden kontrol imkan\u0131 sa\u011flanabilir.<\/p>\t\t\t\t\t\t\t\t<\/div>\n\t\t\t\t<\/div>\n\t\t\t\t\t<\/div>\n\t\t<\/div>\n\t\t\t\t\t<\/div>\n\t\t<\/section>\n\t\t\t\t<section class=\"elementor-section elementor-top-section elementor-element elementor-element-3761aa6c elementor-section-stretched elementor-section-boxed elementor-section-height-default elementor-section-height-default\" data-id=\"3761aa6c\" data-element_type=\"section\" data-e-type=\"section\" data-settings=\"{&quot;background_background&quot;:&quot;classic&quot;,&quot;stretch_section&quot;:&quot;section-stretched&quot;}\">\n\t\t\t\t\t\t\t<div class=\"elementor-background-overlay\"><\/div>\n\t\t\t\t\t\t\t<div class=\"elementor-container elementor-column-gap-default\">\n\t\t\t\t\t<div class=\"elementor-column elementor-col-100 elementor-top-column elementor-element elementor-element-122118aa\" data-id=\"122118aa\" data-element_type=\"column\" data-e-type=\"column\" data-settings=\"{&quot;background_background&quot;:&quot;classic&quot;}\">\n\t\t\t<div class=\"elementor-widget-wrap elementor-element-populated\">\n\t\t\t\t\t\t<div class=\"elementor-element elementor-element-3cbdd423 elementor-widget elementor-widget-heading\" data-id=\"3cbdd423\" data-element_type=\"widget\" data-e-type=\"widget\" data-widget_type=\"heading.default\">\n\t\t\t\t<div class=\"elementor-widget-container\">\n\t\t\t\t\t<h3 class=\"elementor-heading-title elementor-size-default\">Professionelles \u00e4u\u00dferes Auge<\/h3>\t\t\t\t<\/div>\n\t\t\t\t<\/div>\n\t\t\t\t<div class=\"elementor-element elementor-element-30de3fd elementor-widget elementor-widget-heading\" data-id=\"30de3fd\" data-element_type=\"widget\" data-e-type=\"widget\" data-widget_type=\"heading.default\">\n\t\t\t\t<div class=\"elementor-widget-container\">\n\t\t\t\t\t<h3 class=\"elementor-heading-title elementor-size-default\">Die ideale L\u00f6sung f\u00fcr Sie, um diesen Prozess vorzubereiten und zu verwalten<\/h3>\t\t\t\t<\/div>\n\t\t\t\t<\/div>\n\t\t\t\t<section class=\"elementor-section elementor-inner-section elementor-element elementor-element-4df5ec2 elementor-section-boxed elementor-section-height-default elementor-section-height-default\" data-id=\"4df5ec2\" data-element_type=\"section\" data-e-type=\"section\">\n\t\t\t\t\t\t<div class=\"elementor-container elementor-column-gap-default\">\n\t\t\t\t\t<div class=\"elementor-column elementor-col-50 elementor-inner-column elementor-element elementor-element-bb53419\" data-id=\"bb53419\" data-element_type=\"column\" data-e-type=\"column\">\n\t\t\t<div class=\"elementor-widget-wrap elementor-element-populated\">\n\t\t\t\t\t\t<div class=\"elementor-element elementor-element-d3c40ae elementor-position-top elementor-widget elementor-widget-image-box\" data-id=\"d3c40ae\" data-element_type=\"widget\" data-e-type=\"widget\" data-widget_type=\"image-box.default\">\n\t\t\t\t<div class=\"elementor-widget-container\">\n\t\t\t\t\t<div class=\"elementor-image-box-wrapper\"><figure class=\"elementor-image-box-img\"><img loading=\"lazy\" decoding=\"async\" width=\"392\" height=\"536\" src=\"https:\/\/bizix.com.tr\/wp-content\/uploads\/2020\/05\/covid-19-otel-danismanligi.jpg\" class=\"attachment-full size-full wp-image-14400\" alt=\"covid 19 otel danismanligi\" srcset=\"https:\/\/bizix.com.tr\/wp-content\/uploads\/2020\/05\/covid-19-otel-danismanligi.jpg 392w, https:\/\/bizix.com.tr\/wp-content\/uploads\/2020\/05\/covid-19-otel-danismanligi-219x300.jpg 219w, https:\/\/bizix.com.tr\/wp-content\/uploads\/2020\/05\/covid-19-otel-danismanligi-9x12.jpg 9w\" sizes=\"(max-width: 392px) 100vw, 392px\" \/><\/figure><div class=\"elementor-image-box-content\"><h3 class=\"elementor-image-box-title\">Bizix Otel Dan\u0131\u015fmanl\u0131\u011f\u0131 Covid-19 s\u00fcre\u00e7leriniziy\u00f6netmek i\u00e7in yan\u0131n\u0131zda<\/h3><p class=\"elementor-image-box-description\">Gesunder Tourismus wird eine wichtige Determinante in der Tourismusbranche der neuen \u00c4ra sein, um die Kontinuit\u00e4t Ihrer Einrichtung zu gew\u00e4hrleisten. <\/br><\/br>\n\u0130\u015fletmenizde, sa\u011fl\u0131kl\u0131 turizm s\u00fcre\u00e7lerini mevcut personelinize ilave g\u00f6rev atamalar\u0131 ile yapabilirsiniz. G\u00f6revlendirmeler profesyonel bir d\u0131\u015f denetim ile denetlendi\u011fi, raporland\u0131\u011f\u0131, iyile\u015ftirilmeye devam edildi\u011fi \u00f6l\u00e7\u00fcde ba\u015far\u0131l\u0131 olur. <\/br><\/br>\nSa\u011fl\u0131kl\u0131 Turizm, uzun vadede tutarl\u0131 ve sistematik uygulama ile markan\u0131z\u0131 g\u00fc\u00e7\u015fendirir, yat\u0131r\u0131m\u0131n\u0131zn de\u011ferini artt\u0131r\u0131r.\n<\/p><\/div><\/div>\t\t\t\t<\/div>\n\t\t\t\t<\/div>\n\t\t\t\t\t<\/div>\n\t\t<\/div>\n\t\t\t\t<div class=\"elementor-column elementor-col-50 elementor-inner-column elementor-element elementor-element-480c544\" data-id=\"480c544\" data-element_type=\"column\" data-e-type=\"column\">\n\t\t\t<div class=\"elementor-widget-wrap elementor-element-populated\">\n\t\t\t\t\t\t<div class=\"elementor-element elementor-element-4b9fbff elementor-widget elementor-widget-text-editor\" data-id=\"4b9fbff\" data-element_type=\"widget\" data-e-type=\"widget\" data-widget_type=\"text-editor.default\">\n\t\t\t\t<div class=\"elementor-widget-container\">\n\t\t\t\t\t\t\t\t\t<ul><li><strong>\u0130\u015fletme \u0130\u00e7i Ekiplerin Kurulmas\u0131<\/strong><ul><li>Covid-19 Kriz Ekibi<\/li><li>Kriz D\u00f6nemi Maliyet Y\u00f6netimi Ekibi<\/li><li>Kurumsal Geli\u015fim ve Stratejik Planlama Komitesi<\/li><li>Yasal S\u00fcre\u00e7lerin G\u00f6zden Ge\u00e7irilmesi<\/li><li>Dijital D\u00f6n\u00fc\u015f\u00fcm Komitesi<\/li><li>\u0130\u015f Sa\u011fl\u0131\u011f\u0131 G\u00fcvenli\u011fi Kurulu<\/li><li>G\u0131da G\u00fcvenli\u011fi Ekibi<\/li><\/ul><\/li><li><strong>Covid-19 Kapsam\u0131nda Al\u0131nmas\u0131 Gereken Fiziki \/ Operasyonel \/ Altyap\u0131sal \u00d6nlemler ve Departman Uygulama \u00d6nerileri<\/strong><ul><li>\u0130\u015fletme Y\u00f6netimi<\/li><li>G\u00fcvenlik<\/li><li>\u00d6n B\u00fcro \/ Misafir \u0130li\u015fkileri Y\u00f6netimi<\/li><li>\u0130nsan Kaynaklar\u0131<\/li><li>Personel \u00d6nlemleri<\/li><li>Teknik Servis<\/li><li>Y\u00fczme Havuzlar\u0131 ve Jakuzi<\/li><li>Kullan\u0131m Sular\u0131<\/li><li>Kat Hizmetleri<\/li><li>SPA &amp; Wellness &amp; Fitness<\/li><li>Animasyon \/ E\u011flence ve Aktivite<\/li><li>Acente Temsilcisi\/Rehberler Y\u00f6netimi<\/li><li>Bilgi Teknolojileri \/ \u0130nternet G\u00fcvenli\u011fi<\/li><li>Sat\u0131n Alma (Tedarik Zinciri Y\u00f6netimi)<\/li><li>Gece Kul\u00fcb\u00fc (Kapal\u0131 Disko)<\/li><li>Toplant\u0131 Salonlar\u0131 \/ Kongre Merkezleri \/ Sinema Salonlar\u0131<\/li><li>Golf Sahalar\u0131 \/ Spor Tesisleri<\/li><li>Revir \/ \u0130\u015fyeri Hekimi<\/li><li>Otel \u0130\u00e7i D\u00fckk\u00e2nlar &amp; Ma\u011fazalar<\/li><li>D\u0131\u015f Kaynakl\u0131 Hizmetler<\/li><\/ul><\/li><li><strong>\u0130\u015fletmede \u015e\u00fcpheli Misafir ve \u00c7al\u0131\u015fan Olmas\u0131 Durumunda Genel Yakla\u015f\u0131m<\/strong><ul><li>Hasta\/\u015e\u00fcpheli Personel Y\u00f6netimi<\/li><\/ul><\/li><\/ul>\t\t\t\t\t\t\t\t<\/div>\n\t\t\t\t<\/div>\n\t\t\t\t\t<\/div>\n\t\t<\/div>\n\t\t\t\t\t<\/div>\n\t\t<\/section>\n\t\t\t\t<section class=\"elementor-section elementor-inner-section elementor-element elementor-element-a1df9e8 elementor-section-boxed elementor-section-height-default elementor-section-height-default\" data-id=\"a1df9e8\" data-element_type=\"section\" data-e-type=\"section\">\n\t\t\t\t\t\t<div class=\"elementor-container elementor-column-gap-default\">\n\t\t\t\t\t<div class=\"elementor-column elementor-col-50 elementor-inner-column elementor-element elementor-element-500dcd9\" data-id=\"500dcd9\" data-element_type=\"column\" data-e-type=\"column\">\n\t\t\t<div class=\"elementor-widget-wrap elementor-element-populated\">\n\t\t\t\t\t\t<div class=\"elementor-element elementor-element-e00a748 elementor-blockquote--skin-quotation elementor-widget elementor-widget-blockquote\" data-id=\"e00a748\" data-element_type=\"widget\" data-e-type=\"widget\" data-widget_type=\"blockquote.default\">\n\t\t\t\t<div class=\"elementor-widget-container\">\n\t\t\t\t\t\t\t<blockquote class=\"elementor-blockquote\">\r\n\t\t\t<p class=\"elementor-blockquote__content\">\r\n\t\t\t\t\"Sa\u011fl\u0131kl\u0131 Turizm\" Belgelendirme Ba\u015fvurunuzu i\u015fletmenizde kendi ad\u0131n\u0131za y\u00f6netmek ve ba\u015fvuruda bulunmak isterseniz, yandaki d\u00f6k\u00fcman\u0131 \u00fccretsiz olarak indirerek, s\u00fcrecinizi ba\u015flatabilirsiniz. &gt;&gt;&gt;\t\t\t<\/p>\r\n\t\t\t\t\t<\/blockquote>\r\n\t\t\t\t\t\t<\/div>\n\t\t\t\t<\/div>\n\t\t\t\t\t<\/div>\n\t\t<\/div>\n\t\t\t\t<div class=\"elementor-column elementor-col-50 elementor-inner-column elementor-element elementor-element-4465686\" data-id=\"4465686\" data-element_type=\"column\" data-e-type=\"column\">\n\t\t\t<div class=\"elementor-widget-wrap\">\n\t\t\t\t\t\t\t<\/div>\n\t\t<\/div>\n\t\t\t\t\t<\/div>\n\t\t<\/section>\n\t\t\t\t\t<\/div>\n\t\t<\/div>\n\t\t\t\t\t<\/div>\n\t\t<\/section>\n\t\t\t\t<\/div>","protected":false},"excerpt":{"rendered":"<p>Sa\u011fl\u0131kl\u0131 Turizm COVID-19 Belgelendirme Program\u0131 i\u00e7in ihtiyac\u0131n\u0131z olan her\u015fey! T\u00fcrkiye\u2019nin &#8220;Sa\u011fl\u0131kl\u0131 Turizm&#8221; Belgelendirme Program\u0131 Sa\u011fl\u0131kl\u0131 Turizm, tesisinizin gelir s\u00fcreklili\u011fini g\u00fcvenceye almak i\u00e7in yeni d\u00f6nemin turizm end\u00fcstrisindeki \u00f6nemli bir belirleyicisi olacak. T\u00fcrkiye\u2019nin Sa\u011fl\u0131kl\u0131 Turizm Belgelendirme program\u0131, tatilini T\u00fcrkiye\u2019de ge\u00e7irecek t\u00fcm T\u00fcrk vatanda\u015flar\u0131 ve yabanc\u0131 ziyaret\u00e7ilere, ula\u015f\u0131mdan konaklamaya, tesis \u00e7al\u0131\u015fanlar\u0131ndan yolcular\u0131n kendi sa\u011fl\u0131k durumuna uzanan geni\u015f bir [&hellip;]<\/p>\n","protected":false},"author":1,"featured_media":14408,"parent":0,"menu_order":0,"comment_status":"closed","ping_status":"closed","template":"","meta":{"_joinchat":[],"footnotes":""},"class_list":["post-14210","page","type-page","status-publish","has-post-thumbnail","hentry"],"_links":{"self":[{"href":"https:\/\/bizix.com.tr\/de\/wp-json\/wp\/v2\/pages\/14210","targetHints":{"allow":["GET"]}}],"collection":[{"href":"https:\/\/bizix.com.tr\/de\/wp-json\/wp\/v2\/pages"}],"about":[{"href":"https:\/\/bizix.com.tr\/de\/wp-json\/wp\/v2\/types\/page"}],"author":[{"embeddable":true,"href":"https:\/\/bizix.com.tr\/de\/wp-json\/wp\/v2\/users\/1"}],"replies":[{"embeddable":true,"href":"https:\/\/bizix.com.tr\/de\/wp-json\/wp\/v2\/comments?post=14210"}],"version-history":[{"count":0,"href":"https:\/\/bizix.com.tr\/de\/wp-json\/wp\/v2\/pages\/14210\/revisions"}],"wp:featuredmedia":[{"embeddable":true,"href":"https:\/\/bizix.com.tr\/de\/wp-json\/wp\/v2\/media\/14408"}],"wp:attachment":[{"href":"https:\/\/bizix.com.tr\/de\/wp-json\/wp\/v2\/media?parent=14210"}],"curies":[{"name":"wp","href":"https:\/\/api.w.org\/{rel}","templated":true}]}}